{"id":473,"date":"2025-06-24T17:01:50","date_gmt":"2025-06-24T15:01:50","guid":{"rendered":"https:\/\/macieo.insa-rennes.fr\/?page_id=473"},"modified":"2025-06-30T16:26:46","modified_gmt":"2025-06-30T14:26:46","slug":"iscr","status":"publish","type":"page","link":"https:\/\/macieo.insa-rennes.fr\/fr\/l-equipe\/iscr\/","title":{"rendered":"Institut des Sciences Chimiques de Rennes"},"content":{"rendered":"\n<div class=\"wp-block-group alignwide is-vertical is-content-justification-stretch is-layout-flex wp-container-core-group-is-layout-401b7a8a wp-block-group-is-layout-flex\">\n<div class=\"wp-block-columns is-layout-flex wp-container-core-columns-is-layout-28f84493 wp-block-columns-is-layout-flex\">\n<div class=\"wp-block-column is-layout-flow wp-block-column-is-layout-flow\" style=\"flex-basis:10%\"><\/div>\n\n\n\n<div class=\"wp-block-column is-layout-flow wp-block-column-is-layout-flow\" style=\"flex-basis:80%\">\n<figure class=\"wp-block-image alignleft size-full is-resized hvr-grow\"><a href=\"https:\/\/iscr.univ-rennes.fr\/fr\" target=\"_blank\" rel=\" noreferrer noopener\"><img loading=\"lazy\" decoding=\"async\" width=\"400\" height=\"180\" src=\"https:\/\/macieo.insa-rennes.fr\/wp-content\/uploads\/2025\/06\/ISCR-without-bg.webp\" alt=\"\" class=\"wp-image-561\" style=\"width:273px;height:auto\" srcset=\"https:\/\/macieo.insa-rennes.fr\/wp-content\/uploads\/2025\/06\/ISCR-without-bg.webp 400w, https:\/\/macieo.insa-rennes.fr\/wp-content\/uploads\/2025\/06\/ISCR-without-bg-300x135.webp 300w, https:\/\/macieo.insa-rennes.fr\/wp-content\/uploads\/2025\/06\/ISCR-without-bg-18x8.webp 18w, https:\/\/macieo.insa-rennes.fr\/wp-content\/uploads\/2025\/06\/ISCR-without-bg-200x90.webp 200w\" sizes=\"auto, (max-width: 400px) 100vw, 400px\" \/><\/a><\/figure>\n\n\n\n<div style=\"height:10px\" aria-hidden=\"true\" class=\"wp-block-spacer\"><\/div>\n\n\n\n<p>La recherche \u00e0 <a href=\"https:\/\/iscr.univ-rennes.fr\/fr\">l&rsquo;Institut des Sciences Chimiques de Rennes (ISCR &#8211; UMR CNRS 6226)<\/a> couvre diff\u00e9rents domaines : sant\u00e9 et bien-\u00eatre, chimie et proc\u00e9d\u00e9s durables, environnement, \u00e9nergie, optique et photonique, \u00e9lectronique et mat\u00e9riaux mol\u00e9culaires. Au sein de l&rsquo;ISCR, l&rsquo;\u00e9quipe Verres&amp;C\u00e9ramiques a un engagement de longue date et une reconnaissance internationale dans la fabrication de verres de chalcog\u00e9nure et de couches minces de chalcog\u00e9nure pour les applications photoniques (capteurs, sources IR moyen, ONL, mat\u00e9riaux \u00e0 changement de phase). Le r\u00f4le de l&rsquo;ISCR sera de s\u00e9lectionner les compositions de cibles et de films de chalcog\u00e9nure utilis\u00e9s comme mat\u00e9riaux \u00e0 changement de phase (PCM pour Phase Change Materials) et d&rsquo;optimiser le d\u00e9p\u00f4t par pulv\u00e9risation magn\u00e9tron RF et co-pulv\u00e9risation pour r\u00e9pondre aux sp\u00e9cificit\u00e9s requises, d&rsquo;effectuer des caract\u00e9risations physico-chimiques des mat\u00e9riaux d\u00e9velopp\u00e9s en s&rsquo;appuyant sur l&rsquo;infrastructure de base de ScanMAT. L&rsquo;ISCR b\u00e9n\u00e9ficiera d&rsquo;une forte collaboration avec une universit\u00e9 tch\u00e8que (<a href=\"https:\/\/www.upce.cz\/en\">UPCE<\/a>) via un protocole d&rsquo;accord permettant l&rsquo;acc\u00e8s \u00e0 leurs \u00e9quipements en termes de caract\u00e9risation des chalcog\u00e9nures requis pour le projet MACIEO.<\/p>\n\n\n\n<div style=\"height:10px\" aria-hidden=\"true\" class=\"wp-block-spacer\"><\/div>\n\n\n\n<h2 class=\"wp-block-heading\">Participants :<\/h2>\n\n\n\n<div style=\"height:10px\" aria-hidden=\"true\" class=\"wp-block-spacer\"><\/div>\n\n\n\n<div class=\"wp-block-columns is-layout-flex wp-container-core-columns-is-layout-28f84493 wp-block-columns-is-layout-flex\">\n<div class=\"wp-block-column is-layout-flow wp-block-column-is-layout-flow\" style=\"flex-basis:5%\">\n<div style=\"height:5%\" aria-hidden=\"true\" class=\"wp-block-spacer\"><\/div>\n<\/div>\n\n\n\n<div class=\"wp-block-column is-layout-flow wp-block-column-is-layout-flow\" style=\"flex-basis:15%\">\n<figure class=\"wp-block-image size-full is-resized hvr-grow\"><a href=\"https:\/\/iscr.univ-rennes.fr\/fr\/virginie-nazabal\" target=\"_blank\" rel=\" noreferrer noopener\"><img loading=\"lazy\" decoding=\"async\" width=\"2048\" height=\"2048\" src=\"https:\/\/macieo.insa-rennes.fr\/wp-content\/uploads\/2025\/06\/Profile-PNG-Photo.png\" alt=\"\" class=\"wp-image-499\" style=\"width:132px;height:auto\" srcset=\"https:\/\/macieo.insa-rennes.fr\/wp-content\/uploads\/2025\/06\/Profile-PNG-Photo.png 2048w, https:\/\/macieo.insa-rennes.fr\/wp-content\/uploads\/2025\/06\/Profile-PNG-Photo-300x300.png 300w, https:\/\/macieo.insa-rennes.fr\/wp-content\/uploads\/2025\/06\/Profile-PNG-Photo-1024x1024.png 1024w, https:\/\/macieo.insa-rennes.fr\/wp-content\/uploads\/2025\/06\/Profile-PNG-Photo-150x150.png 150w, https:\/\/macieo.insa-rennes.fr\/wp-content\/uploads\/2025\/06\/Profile-PNG-Photo-768x768.png 768w, https:\/\/macieo.insa-rennes.fr\/wp-content\/uploads\/2025\/06\/Profile-PNG-Photo-1536x1536.png 1536w, https:\/\/macieo.insa-rennes.fr\/wp-content\/uploads\/2025\/06\/Profile-PNG-Photo-12x12.png 12w, https:\/\/macieo.insa-rennes.fr\/wp-content\/uploads\/2025\/06\/Profile-PNG-Photo-200x200.png 200w\" sizes=\"auto, (max-width: 2048px) 100vw, 2048px\" \/><\/a><\/figure>\n<\/div>\n\n\n\n<div class=\"wp-block-column is-layout-flow wp-block-column-is-layout-flow\" style=\"flex-basis:60%\">\n<p class=\"has-text-align-left\"><a href=\"https:\/\/iscr.univ-rennes.fr\/fr\/virginie-nazabal\" data-type=\"link\" data-id=\"https:\/\/iscr.univ-rennes.fr\/fr\/virginie-nazabal\" target=\"_blank\" rel=\"noreferrer noopener\">Virginie Nazabal<\/a>, directrice de recherche et responsable scientifique de l&rsquo;ISCR, supervise les \u00e9tudes sur les chalcog\u00e9nures (Chg) donc de la s\u00e9lection de la composition aux caract\u00e9risations en passant par le d\u00e9p\u00f4t de films.<\/p>\n<\/div>\n<\/div>\n\n\n\n<div style=\"height:10px\" aria-hidden=\"true\" class=\"wp-block-spacer\"><\/div>\n\n\n\n<div class=\"wp-block-columns is-layout-flex wp-container-core-columns-is-layout-28f84493 wp-block-columns-is-layout-flex\">\n<div class=\"wp-block-column is-layout-flow wp-block-column-is-layout-flow\" style=\"flex-basis:5%\">\n<div style=\"height:5%\" aria-hidden=\"true\" class=\"wp-block-spacer\"><\/div>\n<\/div>\n\n\n\n<div class=\"wp-block-column is-layout-flow wp-block-column-is-layout-flow\" style=\"flex-basis:15%\">\n<figure class=\"wp-block-image size-full is-resized hvr-grow\"><a href=\"https:\/\/iscr.univ-rennes.fr\/fr\/albane-benardais\" target=\"_blank\" rel=\" noreferrer noopener\"><img loading=\"lazy\" decoding=\"async\" width=\"2048\" height=\"2048\" src=\"https:\/\/macieo.insa-rennes.fr\/wp-content\/uploads\/2025\/06\/Profile-PNG-Photo.png\" alt=\"\" class=\"wp-image-499\" style=\"width:132px;height:auto\" srcset=\"https:\/\/macieo.insa-rennes.fr\/wp-content\/uploads\/2025\/06\/Profile-PNG-Photo.png 2048w, https:\/\/macieo.insa-rennes.fr\/wp-content\/uploads\/2025\/06\/Profile-PNG-Photo-300x300.png 300w, https:\/\/macieo.insa-rennes.fr\/wp-content\/uploads\/2025\/06\/Profile-PNG-Photo-1024x1024.png 1024w, https:\/\/macieo.insa-rennes.fr\/wp-content\/uploads\/2025\/06\/Profile-PNG-Photo-150x150.png 150w, https:\/\/macieo.insa-rennes.fr\/wp-content\/uploads\/2025\/06\/Profile-PNG-Photo-768x768.png 768w, https:\/\/macieo.insa-rennes.fr\/wp-content\/uploads\/2025\/06\/Profile-PNG-Photo-1536x1536.png 1536w, https:\/\/macieo.insa-rennes.fr\/wp-content\/uploads\/2025\/06\/Profile-PNG-Photo-12x12.png 12w, https:\/\/macieo.insa-rennes.fr\/wp-content\/uploads\/2025\/06\/Profile-PNG-Photo-200x200.png 200w\" sizes=\"auto, (max-width: 2048px) 100vw, 2048px\" \/><\/a><\/figure>\n<\/div>\n\n\n\n<div class=\"wp-block-column is-layout-flow wp-block-column-is-layout-flow\" style=\"flex-basis:60%\">\n<p class=\"has-text-align-left\"><a href=\"https:\/\/iscr.univ-rennes.fr\/fr\/albane-benardais\" data-type=\"link\" data-id=\"https:\/\/iscr.univ-rennes.fr\/fr\/albane-benardais\" target=\"_blank\" rel=\"noreferrer noopener\">Albane B\u00e9nardais<\/a>, ing\u00e9nieure de recherche qui participe au d\u00e9p\u00f4t de couches minces de chalcog\u00e9nures et de leurs caract\u00e9risations chimiques.<\/p>\n<\/div>\n<\/div>\n\n\n\n<div style=\"height:10px\" aria-hidden=\"true\" class=\"wp-block-spacer\"><\/div>\n\n\n\n<div class=\"wp-block-columns is-layout-flex wp-container-core-columns-is-layout-28f84493 wp-block-columns-is-layout-flex\">\n<div class=\"wp-block-column is-layout-flow wp-block-column-is-layout-flow\" style=\"flex-basis:5%\">\n<div style=\"height:5%\" aria-hidden=\"true\" class=\"wp-block-spacer\"><\/div>\n<\/div>\n\n\n\n<div class=\"wp-block-column is-layout-flow wp-block-column-is-layout-flow\" style=\"flex-basis:15%\">\n<figure class=\"wp-block-image size-full is-resized hvr-grow\"><a href=\"https:\/\/www.researchgate.net\/profile\/Firat-Angay\" target=\"_blank\" rel=\" noreferrer noopener\"><img loading=\"lazy\" decoding=\"async\" width=\"2048\" height=\"2048\" src=\"https:\/\/macieo.insa-rennes.fr\/wp-content\/uploads\/2025\/06\/Profile-PNG-Photo.png\" alt=\"\" class=\"wp-image-499\" style=\"width:132px;height:auto\" srcset=\"https:\/\/macieo.insa-rennes.fr\/wp-content\/uploads\/2025\/06\/Profile-PNG-Photo.png 2048w, https:\/\/macieo.insa-rennes.fr\/wp-content\/uploads\/2025\/06\/Profile-PNG-Photo-300x300.png 300w, https:\/\/macieo.insa-rennes.fr\/wp-content\/uploads\/2025\/06\/Profile-PNG-Photo-1024x1024.png 1024w, https:\/\/macieo.insa-rennes.fr\/wp-content\/uploads\/2025\/06\/Profile-PNG-Photo-150x150.png 150w, https:\/\/macieo.insa-rennes.fr\/wp-content\/uploads\/2025\/06\/Profile-PNG-Photo-768x768.png 768w, https:\/\/macieo.insa-rennes.fr\/wp-content\/uploads\/2025\/06\/Profile-PNG-Photo-1536x1536.png 1536w, https:\/\/macieo.insa-rennes.fr\/wp-content\/uploads\/2025\/06\/Profile-PNG-Photo-12x12.png 12w, https:\/\/macieo.insa-rennes.fr\/wp-content\/uploads\/2025\/06\/Profile-PNG-Photo-200x200.png 200w\" sizes=\"auto, (max-width: 2048px) 100vw, 2048px\" \/><\/a><\/figure>\n<\/div>\n\n\n\n<div class=\"wp-block-column is-layout-flow wp-block-column-is-layout-flow\" style=\"flex-basis:60%\">\n<p class=\"has-text-align-left\"><a href=\"https:\/\/iscr.univ-rennes.fr\/fr\/laurent-calvez\" data-type=\"link\" data-id=\"https:\/\/iscr.univ-rennes.fr\/fr\/laurent-calvez\" target=\"_blank\" rel=\"noreferrer noopener\">Laurent Calvez<\/a>, enseignant qui r\u00e9alise la caract\u00e9risation thermique et la cristallisation des films de chalcog\u00e9nure.<\/p>\n<\/div>\n<\/div>\n\n\n\n<div style=\"height:10px\" aria-hidden=\"true\" class=\"wp-block-spacer\"><\/div>\n\n\n\n<div class=\"wp-block-columns is-layout-flex wp-container-core-columns-is-layout-28f84493 wp-block-columns-is-layout-flex\">\n<div class=\"wp-block-column is-layout-flow wp-block-column-is-layout-flow\" style=\"flex-basis:5%\">\n<div style=\"height:5%\" aria-hidden=\"true\" class=\"wp-block-spacer\"><\/div>\n<\/div>\n\n\n\n<div class=\"wp-block-column is-layout-flow wp-block-column-is-layout-flow\" style=\"flex-basis:15%\">\n<figure class=\"wp-block-image size-full is-resized hvr-grow\"><a href=\"https:\/\/iscr.univ-rennes.fr\/fr\/laurent-calvez\" target=\"_blank\" rel=\" noreferrer noopener\"><img loading=\"lazy\" decoding=\"async\" width=\"2048\" height=\"2048\" src=\"https:\/\/macieo.insa-rennes.fr\/wp-content\/uploads\/2025\/06\/Profile-PNG-Photo.png\" alt=\"\" class=\"wp-image-499\" style=\"width:132px;height:auto\" srcset=\"https:\/\/macieo.insa-rennes.fr\/wp-content\/uploads\/2025\/06\/Profile-PNG-Photo.png 2048w, https:\/\/macieo.insa-rennes.fr\/wp-content\/uploads\/2025\/06\/Profile-PNG-Photo-300x300.png 300w, https:\/\/macieo.insa-rennes.fr\/wp-content\/uploads\/2025\/06\/Profile-PNG-Photo-1024x1024.png 1024w, https:\/\/macieo.insa-rennes.fr\/wp-content\/uploads\/2025\/06\/Profile-PNG-Photo-150x150.png 150w, https:\/\/macieo.insa-rennes.fr\/wp-content\/uploads\/2025\/06\/Profile-PNG-Photo-768x768.png 768w, https:\/\/macieo.insa-rennes.fr\/wp-content\/uploads\/2025\/06\/Profile-PNG-Photo-1536x1536.png 1536w, https:\/\/macieo.insa-rennes.fr\/wp-content\/uploads\/2025\/06\/Profile-PNG-Photo-12x12.png 12w, https:\/\/macieo.insa-rennes.fr\/wp-content\/uploads\/2025\/06\/Profile-PNG-Photo-200x200.png 200w\" sizes=\"auto, (max-width: 2048px) 100vw, 2048px\" \/><\/a><\/figure>\n<\/div>\n\n\n\n<div class=\"wp-block-column is-layout-flow wp-block-column-is-layout-flow\" style=\"flex-basis:60%\">\n<p class=\"has-text-align-left\"><a href=\"https:\/\/iscr.univ-rennes.fr\/fr\/laurent-calvez\" data-type=\"link\" data-id=\"https:\/\/iscr.univ-rennes.fr\/fr\/laurent-calvez\" target=\"_blank\" rel=\"noreferrer noopener\">Firat Angay<\/a>, chercheur postdoctorant qui \u00e9tudie la composition, le d\u00e9p\u00f4t de couches minces et des la caract\u00e9risation du chalcog\u00e9nure.<\/p>\n<\/div>\n<\/div>\n<\/div>\n\n\n\n<div class=\"wp-block-column is-layout-flow wp-block-column-is-layout-flow\" style=\"flex-basis:10%\"><\/div>\n<\/div>\n<\/div>\n","protected":false},"excerpt":{"rendered":"<p>La recherche \u00e0 l&rsquo;Institut des Sciences Chimiques de Rennes (ISCR &#8211; UMR CNRS 6226) couvre diff\u00e9rents domaines : sant\u00e9 et bien-\u00eatre, chimie et proc\u00e9d\u00e9s durables, environnement, \u00e9nergie, optique et photonique, \u00e9lectronique et mat\u00e9riaux mol\u00e9culaires. Au sein de l&rsquo;ISCR, l&rsquo;\u00e9quipe Verres&amp;C\u00e9ramiques a un engagement de longue date et une reconnaissance internationale dans la fabrication de verres [&hellip;]<\/p>\n","protected":false},"author":1,"featured_media":0,"parent":2,"menu_order":0,"comment_status":"closed","ping_status":"closed","template":"","meta":{"footnotes":""},"class_list":["post-473","page","type-page","status-publish","hentry"],"_links":{"self":[{"href":"https:\/\/macieo.insa-rennes.fr\/fr\/wp-json\/wp\/v2\/pages\/473","targetHints":{"allow":["GET"]}}],"collection":[{"href":"https:\/\/macieo.insa-rennes.fr\/fr\/wp-json\/wp\/v2\/pages"}],"about":[{"href":"https:\/\/macieo.insa-rennes.fr\/fr\/wp-json\/wp\/v2\/types\/page"}],"author":[{"embeddable":true,"href":"https:\/\/macieo.insa-rennes.fr\/fr\/wp-json\/wp\/v2\/users\/1"}],"replies":[{"embeddable":true,"href":"https:\/\/macieo.insa-rennes.fr\/fr\/wp-json\/wp\/v2\/comments?post=473"}],"version-history":[{"count":8,"href":"https:\/\/macieo.insa-rennes.fr\/fr\/wp-json\/wp\/v2\/pages\/473\/revisions"}],"predecessor-version":[{"id":616,"href":"https:\/\/macieo.insa-rennes.fr\/fr\/wp-json\/wp\/v2\/pages\/473\/revisions\/616"}],"up":[{"embeddable":true,"href":"https:\/\/macieo.insa-rennes.fr\/fr\/wp-json\/wp\/v2\/pages\/2"}],"wp:attachment":[{"href":"https:\/\/macieo.insa-rennes.fr\/fr\/wp-json\/wp\/v2\/media?parent=473"}],"curies":[{"name":"wp","href":"https:\/\/api.w.org\/{rel}","templated":true}]}}