{"id":471,"date":"2025-06-24T17:00:37","date_gmt":"2025-06-24T15:00:37","guid":{"rendered":"https:\/\/macieo.insa-rennes.fr\/?page_id=471"},"modified":"2025-06-30T16:22:31","modified_gmt":"2025-06-30T14:22:31","slug":"lab-sticc","status":"publish","type":"page","link":"https:\/\/macieo.insa-rennes.fr\/fr\/l-equipe\/lab-sticc\/","title":{"rendered":"Lab-STICC"},"content":{"rendered":"\n<div class=\"wp-block-group alignwide is-vertical is-content-justification-stretch is-layout-flex wp-container-core-group-is-layout-401b7a8a wp-block-group-is-layout-flex\">\n<div class=\"wp-block-columns is-layout-flex wp-container-core-columns-is-layout-28f84493 wp-block-columns-is-layout-flex\">\n<div class=\"wp-block-column is-layout-flow wp-block-column-is-layout-flow\" style=\"flex-basis:10%\"><\/div>\n\n\n\n<div class=\"wp-block-column is-layout-flow wp-block-column-is-layout-flow\" style=\"flex-basis:80%\">\n<figure class=\"wp-block-image alignleft size-full is-resized hvr-grow\"><a href=\"https:\/\/labsticc.fr\/fr\" target=\"_blank\" rel=\" noreferrer noopener\"><img loading=\"lazy\" decoding=\"async\" width=\"877\" height=\"389\" src=\"https:\/\/macieo.insa-rennes.fr\/wp-content\/uploads\/2025\/06\/lab-sticc-without-bg.webp\" alt=\"\" class=\"wp-image-562\" style=\"width:273px;height:auto\" srcset=\"https:\/\/macieo.insa-rennes.fr\/wp-content\/uploads\/2025\/06\/lab-sticc-without-bg.webp 877w, https:\/\/macieo.insa-rennes.fr\/wp-content\/uploads\/2025\/06\/lab-sticc-without-bg-300x133.webp 300w, https:\/\/macieo.insa-rennes.fr\/wp-content\/uploads\/2025\/06\/lab-sticc-without-bg-768x341.webp 768w, https:\/\/macieo.insa-rennes.fr\/wp-content\/uploads\/2025\/06\/lab-sticc-without-bg-18x8.webp 18w, https:\/\/macieo.insa-rennes.fr\/wp-content\/uploads\/2025\/06\/lab-sticc-without-bg-200x89.webp 200w\" sizes=\"auto, (max-width: 877px) 100vw, 877px\" \/><\/a><\/figure>\n\n\n\n<div style=\"height:10px\" aria-hidden=\"true\" class=\"wp-block-spacer\"><\/div>\n\n\n\n<p><a href=\"https:\/\/labsticc.fr\/fr\">Le Laboratoire des Sciences et Techniques de l&rsquo;Information, de la Communication et de la Connaissance (UMR CNRS 6285)<\/a> est un laboratoire de recherche multidisciplinaire dans le domaine des sciences et technologies de l&rsquo;information et de la communication. Les chercheurs travaillent au sein d&rsquo;une structure unique autour d&rsquo;une th\u00e9matique centrale : \u00ab du capteur \u00e0 la connaissance \u00bb. Les chercheurs impliqu\u00e9s dans le projet appartiennent \u00e0 l&rsquo;\u00e9quipe DH (Microwave Devices) et sont sp\u00e9cialis\u00e9s notamment dans la conception et la caract\u00e9risation de dispositifs micro-ondes reconfigurables (filtres, antennes, etc). \u00c0 l&rsquo;initiative de l&rsquo;utilisation des jonctions semi-conductrices directement int\u00e9gr\u00e9es dans les substrats pour des applications de reconfiguration hyperfr\u00e9quence, ils apporteront au projet MACIEO toutes leurs exp\u00e9riences et comp\u00e9tences dans ce domaine et participeront activement au d\u00e9veloppement des d\u00e9monstrateurs finaux de ce projet.<\/p>\n\n\n\n<div style=\"height:10px\" aria-hidden=\"true\" class=\"wp-block-spacer\"><\/div>\n\n\n\n<h2 class=\"wp-block-heading\">Participants :<\/h2>\n\n\n\n<div style=\"height:10px\" aria-hidden=\"true\" class=\"wp-block-spacer\"><\/div>\n\n\n\n<div class=\"wp-block-columns is-layout-flex wp-container-core-columns-is-layout-28f84493 wp-block-columns-is-layout-flex\">\n<div class=\"wp-block-column is-layout-flow wp-block-column-is-layout-flow\" style=\"flex-basis:5%\">\n<div style=\"height:5%\" aria-hidden=\"true\" class=\"wp-block-spacer\"><\/div>\n<\/div>\n\n\n\n<div class=\"wp-block-column is-layout-flow wp-block-column-is-layout-flow\" style=\"flex-basis:15%\">\n<figure class=\"wp-block-image size-full is-resized hvr-grow\"><a href=\"https:\/\/labsticc.fr\/fr\/annuaire\/le-berre-denis\" target=\"_blank\" rel=\" noreferrer noopener\"><img loading=\"lazy\" decoding=\"async\" width=\"2048\" height=\"2048\" src=\"https:\/\/macieo.insa-rennes.fr\/wp-content\/uploads\/2025\/06\/Profile-PNG-Photo.png\" alt=\"\" class=\"wp-image-499\" style=\"width:132px;height:auto\" srcset=\"https:\/\/macieo.insa-rennes.fr\/wp-content\/uploads\/2025\/06\/Profile-PNG-Photo.png 2048w, https:\/\/macieo.insa-rennes.fr\/wp-content\/uploads\/2025\/06\/Profile-PNG-Photo-300x300.png 300w, https:\/\/macieo.insa-rennes.fr\/wp-content\/uploads\/2025\/06\/Profile-PNG-Photo-1024x1024.png 1024w, https:\/\/macieo.insa-rennes.fr\/wp-content\/uploads\/2025\/06\/Profile-PNG-Photo-150x150.png 150w, https:\/\/macieo.insa-rennes.fr\/wp-content\/uploads\/2025\/06\/Profile-PNG-Photo-768x768.png 768w, https:\/\/macieo.insa-rennes.fr\/wp-content\/uploads\/2025\/06\/Profile-PNG-Photo-1536x1536.png 1536w, https:\/\/macieo.insa-rennes.fr\/wp-content\/uploads\/2025\/06\/Profile-PNG-Photo-12x12.png 12w, https:\/\/macieo.insa-rennes.fr\/wp-content\/uploads\/2025\/06\/Profile-PNG-Photo-200x200.png 200w\" sizes=\"auto, (max-width: 2048px) 100vw, 2048px\" \/><\/a><\/figure>\n<\/div>\n\n\n\n<div class=\"wp-block-column is-layout-flow wp-block-column-is-layout-flow\" style=\"flex-basis:60%\">\n<p class=\"has-text-align-left\"><a href=\"https:\/\/labsticc.fr\/fr\/annuaire\/le-berre-denis\" data-type=\"link\" data-id=\"https:\/\/labsticc.fr\/fr\/annuaire\/le-berre-denis\" target=\"_blank\" rel=\"noreferrer noopener\">Denis Le Berre<\/a>, enseignant chercheur sp\u00e9cialis\u00e9 dans les dispositifs hyperfr\u00e9quences, les technologies semiconductrices et les Opto-Hyper est responsable scientifique du Lab-STICC et r\u00e9alise la conception des d\u00e9monstrateurs micro-ondes.<\/p>\n<\/div>\n<\/div>\n\n\n\n<div style=\"height:10px\" aria-hidden=\"true\" class=\"wp-block-spacer\"><\/div>\n\n\n\n<div class=\"wp-block-columns is-layout-flex wp-container-core-columns-is-layout-28f84493 wp-block-columns-is-layout-flex\">\n<div class=\"wp-block-column is-layout-flow wp-block-column-is-layout-flow\" style=\"flex-basis:5%\">\n<div style=\"height:5%\" aria-hidden=\"true\" class=\"wp-block-spacer\"><\/div>\n<\/div>\n\n\n\n<div class=\"wp-block-column is-layout-flow wp-block-column-is-layout-flow\" style=\"flex-basis:15%\">\n<figure class=\"wp-block-image size-full is-resized hvr-grow\"><a href=\"https:\/\/labsticc.fr\/fr\/annuaire\/martin-noham\" target=\"_blank\" rel=\" noreferrer noopener\"><img loading=\"lazy\" decoding=\"async\" width=\"2048\" height=\"2048\" src=\"https:\/\/macieo.insa-rennes.fr\/wp-content\/uploads\/2025\/06\/Profile-PNG-Photo.png\" alt=\"\" class=\"wp-image-499\" style=\"width:132px;height:auto\" srcset=\"https:\/\/macieo.insa-rennes.fr\/wp-content\/uploads\/2025\/06\/Profile-PNG-Photo.png 2048w, https:\/\/macieo.insa-rennes.fr\/wp-content\/uploads\/2025\/06\/Profile-PNG-Photo-300x300.png 300w, https:\/\/macieo.insa-rennes.fr\/wp-content\/uploads\/2025\/06\/Profile-PNG-Photo-1024x1024.png 1024w, https:\/\/macieo.insa-rennes.fr\/wp-content\/uploads\/2025\/06\/Profile-PNG-Photo-150x150.png 150w, https:\/\/macieo.insa-rennes.fr\/wp-content\/uploads\/2025\/06\/Profile-PNG-Photo-768x768.png 768w, https:\/\/macieo.insa-rennes.fr\/wp-content\/uploads\/2025\/06\/Profile-PNG-Photo-1536x1536.png 1536w, https:\/\/macieo.insa-rennes.fr\/wp-content\/uploads\/2025\/06\/Profile-PNG-Photo-12x12.png 12w, https:\/\/macieo.insa-rennes.fr\/wp-content\/uploads\/2025\/06\/Profile-PNG-Photo-200x200.png 200w\" sizes=\"auto, (max-width: 2048px) 100vw, 2048px\" \/><\/a><\/figure>\n<\/div>\n\n\n\n<div class=\"wp-block-column is-layout-flow wp-block-column-is-layout-flow\" style=\"flex-basis:60%\">\n<p class=\"has-text-align-left\"><a href=\"https:\/\/labsticc.fr\/fr\/annuaire\/martin-noham\" data-type=\"link\" data-id=\"https:\/\/labsticc.fr\/fr\/annuaire\/martin-noham\">Noham Martin<\/a>, enseignant chercheur qui participe au design des circuits \u00e9lectriques et antennes reconfigurables pour les parties WP3 et WP4 du projet.<\/p>\n<\/div>\n<\/div>\n\n\n\n<div style=\"height:10px\" aria-hidden=\"true\" class=\"wp-block-spacer\"><\/div>\n\n\n\n<div class=\"wp-block-columns is-layout-flex wp-container-core-columns-is-layout-28f84493 wp-block-columns-is-layout-flex\">\n<div class=\"wp-block-column is-layout-flow wp-block-column-is-layout-flow\" style=\"flex-basis:5%\">\n<div style=\"height:5%\" aria-hidden=\"true\" class=\"wp-block-spacer\"><\/div>\n<\/div>\n\n\n\n<div class=\"wp-block-column is-layout-flow wp-block-column-is-layout-flow\" style=\"flex-basis:15%\">\n<figure class=\"wp-block-image size-full is-resized hvr-grow\"><a href=\"https:\/\/labsticc.fr\/fr\/annuaire\/quendo-cedric\" target=\"_blank\" rel=\" noreferrer noopener\"><img loading=\"lazy\" decoding=\"async\" width=\"2048\" height=\"2048\" src=\"https:\/\/macieo.insa-rennes.fr\/wp-content\/uploads\/2025\/06\/Profile-PNG-Photo.png\" alt=\"\" class=\"wp-image-499\" style=\"width:132px;height:auto\" srcset=\"https:\/\/macieo.insa-rennes.fr\/wp-content\/uploads\/2025\/06\/Profile-PNG-Photo.png 2048w, https:\/\/macieo.insa-rennes.fr\/wp-content\/uploads\/2025\/06\/Profile-PNG-Photo-300x300.png 300w, https:\/\/macieo.insa-rennes.fr\/wp-content\/uploads\/2025\/06\/Profile-PNG-Photo-1024x1024.png 1024w, https:\/\/macieo.insa-rennes.fr\/wp-content\/uploads\/2025\/06\/Profile-PNG-Photo-150x150.png 150w, https:\/\/macieo.insa-rennes.fr\/wp-content\/uploads\/2025\/06\/Profile-PNG-Photo-768x768.png 768w, https:\/\/macieo.insa-rennes.fr\/wp-content\/uploads\/2025\/06\/Profile-PNG-Photo-1536x1536.png 1536w, https:\/\/macieo.insa-rennes.fr\/wp-content\/uploads\/2025\/06\/Profile-PNG-Photo-12x12.png 12w, https:\/\/macieo.insa-rennes.fr\/wp-content\/uploads\/2025\/06\/Profile-PNG-Photo-200x200.png 200w\" sizes=\"auto, (max-width: 2048px) 100vw, 2048px\" \/><\/a><\/figure>\n<\/div>\n\n\n\n<div class=\"wp-block-column is-layout-flow wp-block-column-is-layout-flow\" style=\"flex-basis:60%\">\n<p class=\"has-text-align-left\"><a href=\"https:\/\/labsticc.fr\/fr\/annuaire\/quendo-cedric\" data-type=\"link\" data-id=\"https:\/\/labsticc.fr\/fr\/annuaire\/quendo-cedric\" target=\"_blank\" rel=\"noreferrer noopener\">C\u00e9dric Quendo<\/a>, enseignant chercheur sp\u00e9cialis\u00e9 dans les filtres, les antennes&#8230; participe aux design des filtres et des antennes pour les parties WP3 et WP4 du projet.<\/p>\n<\/div>\n<\/div>\n\n\n\n<div style=\"height:10px\" aria-hidden=\"true\" class=\"wp-block-spacer\"><\/div>\n\n\n\n<div class=\"wp-block-columns is-layout-flex wp-container-core-columns-is-layout-28f84493 wp-block-columns-is-layout-flex\">\n<div class=\"wp-block-column is-layout-flow wp-block-column-is-layout-flow\" style=\"flex-basis:5%\">\n<div style=\"height:5%\" aria-hidden=\"true\" class=\"wp-block-spacer\"><\/div>\n<\/div>\n\n\n\n<div class=\"wp-block-column is-layout-flow wp-block-column-is-layout-flow\" style=\"flex-basis:15%\">\n<figure class=\"wp-block-image size-full is-resized hvr-grow\"><a href=\"https:\/\/labsticc.fr\/fr\/annuaire\/rafiquee-ahmad\" target=\"_blank\" rel=\" noreferrer noopener\"><img loading=\"lazy\" decoding=\"async\" width=\"2048\" height=\"2048\" src=\"https:\/\/macieo.insa-rennes.fr\/wp-content\/uploads\/2025\/06\/Profile-PNG-Photo.png\" alt=\"\" class=\"wp-image-499\" style=\"width:132px;height:auto\" srcset=\"https:\/\/macieo.insa-rennes.fr\/wp-content\/uploads\/2025\/06\/Profile-PNG-Photo.png 2048w, https:\/\/macieo.insa-rennes.fr\/wp-content\/uploads\/2025\/06\/Profile-PNG-Photo-300x300.png 300w, https:\/\/macieo.insa-rennes.fr\/wp-content\/uploads\/2025\/06\/Profile-PNG-Photo-1024x1024.png 1024w, https:\/\/macieo.insa-rennes.fr\/wp-content\/uploads\/2025\/06\/Profile-PNG-Photo-150x150.png 150w, https:\/\/macieo.insa-rennes.fr\/wp-content\/uploads\/2025\/06\/Profile-PNG-Photo-768x768.png 768w, https:\/\/macieo.insa-rennes.fr\/wp-content\/uploads\/2025\/06\/Profile-PNG-Photo-1536x1536.png 1536w, https:\/\/macieo.insa-rennes.fr\/wp-content\/uploads\/2025\/06\/Profile-PNG-Photo-12x12.png 12w, https:\/\/macieo.insa-rennes.fr\/wp-content\/uploads\/2025\/06\/Profile-PNG-Photo-200x200.png 200w\" sizes=\"auto, (max-width: 2048px) 100vw, 2048px\" \/><\/a><\/figure>\n<\/div>\n\n\n\n<div class=\"wp-block-column is-layout-flow wp-block-column-is-layout-flow\" style=\"flex-basis:60%\">\n<p class=\"has-text-align-left\"><a href=\"https:\/\/labsticc.fr\/fr\/annuaire\/rafiquee-ahmad\" data-type=\"link\" data-id=\"https:\/\/labsticc.fr\/fr\/annuaire\/rafiquee-ahmad\" target=\"_blank\" rel=\"noreferrer noopener\">Ahmad Rafiquee<\/a>, doctorant qui fait la conception, la fabrication et la caract\u00e9risation des d\u00e9monstrateurs micro-ondes.<\/p>\n<\/div>\n<\/div>\n<\/div>\n\n\n\n<div class=\"wp-block-column is-layout-flow wp-block-column-is-layout-flow\" style=\"flex-basis:10%\"><\/div>\n<\/div>\n<\/div>\n","protected":false},"excerpt":{"rendered":"<p>Le Laboratoire des Sciences et Techniques de l&rsquo;Information, de la Communication et de la Connaissance (UMR CNRS 6285) est un laboratoire de recherche multidisciplinaire dans le domaine des sciences et technologies de l&rsquo;information et de la communication. Les chercheurs travaillent au sein d&rsquo;une structure unique autour d&rsquo;une th\u00e9matique centrale : \u00ab du capteur \u00e0 la [&hellip;]<\/p>\n","protected":false},"author":1,"featured_media":0,"parent":2,"menu_order":0,"comment_status":"closed","ping_status":"closed","template":"","meta":{"footnotes":""},"class_list":["post-471","page","type-page","status-publish","hentry"],"_links":{"self":[{"href":"https:\/\/macieo.insa-rennes.fr\/fr\/wp-json\/wp\/v2\/pages\/471","targetHints":{"allow":["GET"]}}],"collection":[{"href":"https:\/\/macieo.insa-rennes.fr\/fr\/wp-json\/wp\/v2\/pages"}],"about":[{"href":"https:\/\/macieo.insa-rennes.fr\/fr\/wp-json\/wp\/v2\/types\/page"}],"author":[{"embeddable":true,"href":"https:\/\/macieo.insa-rennes.fr\/fr\/wp-json\/wp\/v2\/users\/1"}],"replies":[{"embeddable":true,"href":"https:\/\/macieo.insa-rennes.fr\/fr\/wp-json\/wp\/v2\/comments?post=471"}],"version-history":[{"count":9,"href":"https:\/\/macieo.insa-rennes.fr\/fr\/wp-json\/wp\/v2\/pages\/471\/revisions"}],"predecessor-version":[{"id":615,"href":"https:\/\/macieo.insa-rennes.fr\/fr\/wp-json\/wp\/v2\/pages\/471\/revisions\/615"}],"up":[{"embeddable":true,"href":"https:\/\/macieo.insa-rennes.fr\/fr\/wp-json\/wp\/v2\/pages\/2"}],"wp:attachment":[{"href":"https:\/\/macieo.insa-rennes.fr\/fr\/wp-json\/wp\/v2\/media?parent=471"}],"curies":[{"name":"wp","href":"https:\/\/api.w.org\/{rel}","templated":true}]}}