{"id":469,"date":"2025-06-24T17:00:16","date_gmt":"2025-06-24T15:00:16","guid":{"rendered":"https:\/\/macieo.insa-rennes.fr\/?page_id=469"},"modified":"2025-07-03T09:35:54","modified_gmt":"2025-07-03T07:35:54","slug":"institut-foton","status":"publish","type":"page","link":"https:\/\/macieo.insa-rennes.fr\/fr\/l-equipe\/institut-foton\/","title":{"rendered":"Institut foton"},"content":{"rendered":"\n<div class=\"wp-block-group alignwide is-vertical is-content-justification-stretch is-layout-flex wp-container-core-group-is-layout-401b7a8a wp-block-group-is-layout-flex\">\n<div class=\"wp-block-columns is-layout-flex wp-container-core-columns-is-layout-28f84493 wp-block-columns-is-layout-flex\">\n<div class=\"wp-block-column is-layout-flow wp-block-column-is-layout-flow\" style=\"flex-basis:10%\"><\/div>\n\n\n\n<div class=\"wp-block-column is-layout-flow wp-block-column-is-layout-flow\" style=\"flex-basis:80%\">\n<figure class=\"wp-block-image alignleft size-full is-resized hvr-grow\"><a href=\"https:\/\/www.institut-foton.eu\/\" target=\"_blank\" rel=\" noreferrer noopener\"><img loading=\"lazy\" decoding=\"async\" width=\"379\" height=\"260\" src=\"https:\/\/macieo.insa-rennes.fr\/wp-content\/uploads\/2025\/06\/institut-foton-without-bg.webp\" alt=\"\" class=\"wp-image-560\" style=\"width:268px;height:auto\" srcset=\"https:\/\/macieo.insa-rennes.fr\/wp-content\/uploads\/2025\/06\/institut-foton-without-bg.webp 379w, https:\/\/macieo.insa-rennes.fr\/wp-content\/uploads\/2025\/06\/institut-foton-without-bg-300x206.webp 300w, https:\/\/macieo.insa-rennes.fr\/wp-content\/uploads\/2025\/06\/institut-foton-without-bg-18x12.webp 18w, https:\/\/macieo.insa-rennes.fr\/wp-content\/uploads\/2025\/06\/institut-foton-without-bg-200x137.webp 200w\" sizes=\"auto, (max-width: 379px) 100vw, 379px\" \/><\/a><\/figure>\n\n\n\n<div style=\"height:10px\" aria-hidden=\"true\" class=\"wp-block-spacer\"><\/div>\n\n\n\n<p><a href=\"https:\/\/www.institut-foton.eu\/\">L&rsquo;Institut de Fonctions Optiques pour les Technologies de l&rsquo;informatiON (UMR CNRS 6082)<\/a> poss\u00e8de une longue expertise dans le domaine des dispositifs photoniques \u00e0 base de semi-conducteurs, depuis la croissance et l&rsquo;ing\u00e9nierie des mat\u00e9riaux, leur transformation jusqu&rsquo;au composant. Il est organis\u00e9 en quatre groupes, dont le groupe OHM qui est impliqu\u00e9 dans le projet MACIEO. Son expertise repose sur une plateforme de fabrication de micro-nano de pointe NanoRennes (faisant partie du r\u00e9seau fran\u00e7ais Renatech+). Il poss\u00e8de une longue exp\u00e9rience dans la conception et la fabrication de dispositifs photoniques (lasers \u00e0 \u00e9mission de bord, V(E)CSEL, micro-disques), la construction d&rsquo;exp\u00e9riences optiques complexes (pompe-sonde, mesures de gravure de trous spectraux). L&rsquo;implication de l&rsquo;institut FOTON au sein du projet MACIEO consistera \u00e0 d\u00e9velopper le proc\u00e9d\u00e9 de fabrication technologique des circuits et antennes mixant les 2 proc\u00e9d\u00e9s de reconfiguration \u00e9tudi\u00e9s et \u00e0 \u00e9tudier, optimiser et mettre en \u0153uvre le syst\u00e8me de d&rsquo;illumination par optique laser qui permettra le changement de phase r\u00e9versible des verres de chalcog\u00e9nure.<\/p>\n\n\n\n<div style=\"height:10px\" aria-hidden=\"true\" class=\"wp-block-spacer\"><\/div>\n\n\n\n<h2 class=\"wp-block-heading\">Participants :<\/h2>\n\n\n\n<div style=\"height:10px\" aria-hidden=\"true\" class=\"wp-block-spacer\"><\/div>\n\n\n\n<div class=\"wp-block-columns is-layout-flex wp-container-core-columns-is-layout-28f84493 wp-block-columns-is-layout-flex\">\n<div class=\"wp-block-column is-layout-flow wp-block-column-is-layout-flow\" style=\"flex-basis:5%\">\n<div style=\"height:5%\" aria-hidden=\"true\" class=\"wp-block-spacer\"><\/div>\n<\/div>\n\n\n\n<div class=\"wp-block-column is-layout-flow wp-block-column-is-layout-flow\" style=\"flex-basis:15%\">\n<figure class=\"wp-block-image size-full is-resized hvr-grow\"><a href=\"https:\/\/www.institut-foton.eu\/paranthoen-cyril\/\" target=\"_blank\" rel=\" noreferrer noopener\"><img loading=\"lazy\" decoding=\"async\" width=\"2048\" height=\"2048\" src=\"https:\/\/macieo.insa-rennes.fr\/wp-content\/uploads\/2025\/06\/Profile-PNG-Photo.png\" alt=\"\" class=\"wp-image-499\" style=\"width:132px;height:auto\" srcset=\"https:\/\/macieo.insa-rennes.fr\/wp-content\/uploads\/2025\/06\/Profile-PNG-Photo.png 2048w, https:\/\/macieo.insa-rennes.fr\/wp-content\/uploads\/2025\/06\/Profile-PNG-Photo-300x300.png 300w, https:\/\/macieo.insa-rennes.fr\/wp-content\/uploads\/2025\/06\/Profile-PNG-Photo-1024x1024.png 1024w, https:\/\/macieo.insa-rennes.fr\/wp-content\/uploads\/2025\/06\/Profile-PNG-Photo-150x150.png 150w, https:\/\/macieo.insa-rennes.fr\/wp-content\/uploads\/2025\/06\/Profile-PNG-Photo-768x768.png 768w, https:\/\/macieo.insa-rennes.fr\/wp-content\/uploads\/2025\/06\/Profile-PNG-Photo-1536x1536.png 1536w, https:\/\/macieo.insa-rennes.fr\/wp-content\/uploads\/2025\/06\/Profile-PNG-Photo-12x12.png 12w, https:\/\/macieo.insa-rennes.fr\/wp-content\/uploads\/2025\/06\/Profile-PNG-Photo-200x200.png 200w\" sizes=\"auto, (max-width: 2048px) 100vw, 2048px\" \/><\/a><\/figure>\n<\/div>\n\n\n\n<div class=\"wp-block-column is-layout-flow wp-block-column-is-layout-flow\" style=\"flex-basis:60%\">\n<p class=\"has-text-align-left\"><a href=\"https:\/\/www.institut-foton.eu\/paranthoen-cyril\/\" data-type=\"link\" data-id=\"https:\/\/www.institut-foton.eu\/paranthoen-cyril\/\" target=\"_blank\" rel=\"noreferrer noopener\">Cyril Paranthoen<\/a>, enseignant chercheur responsable scientifique du laratoire FOTON en charge du processus et de la partie \u00e9clairage des dispositifs \u00e0 base de chalcog\u00e9nure. <\/p>\n<\/div>\n<\/div>\n\n\n\n<div style=\"height:10px\" aria-hidden=\"true\" class=\"wp-block-spacer\"><\/div>\n\n\n\n<div class=\"wp-block-columns is-layout-flex wp-container-core-columns-is-layout-28f84493 wp-block-columns-is-layout-flex\">\n<div class=\"wp-block-column is-layout-flow wp-block-column-is-layout-flow\" style=\"flex-basis:5%\">\n<div style=\"height:5%\" aria-hidden=\"true\" class=\"wp-block-spacer\"><\/div>\n<\/div>\n\n\n\n<div class=\"wp-block-column is-layout-flow wp-block-column-is-layout-flow\" style=\"flex-basis:15%\">\n<figure class=\"wp-block-image size-full is-resized hvr-grow\"><a href=\"https:\/\/www.institut-foton.eu\/tavernier-karine\/\" target=\"_blank\" rel=\" noreferrer noopener\"><img loading=\"lazy\" decoding=\"async\" width=\"2048\" height=\"2048\" src=\"https:\/\/macieo.insa-rennes.fr\/wp-content\/uploads\/2025\/06\/Profile-PNG-Photo.png\" alt=\"\" class=\"wp-image-499\" style=\"width:132px;height:auto\" srcset=\"https:\/\/macieo.insa-rennes.fr\/wp-content\/uploads\/2025\/06\/Profile-PNG-Photo.png 2048w, https:\/\/macieo.insa-rennes.fr\/wp-content\/uploads\/2025\/06\/Profile-PNG-Photo-300x300.png 300w, https:\/\/macieo.insa-rennes.fr\/wp-content\/uploads\/2025\/06\/Profile-PNG-Photo-1024x1024.png 1024w, https:\/\/macieo.insa-rennes.fr\/wp-content\/uploads\/2025\/06\/Profile-PNG-Photo-150x150.png 150w, https:\/\/macieo.insa-rennes.fr\/wp-content\/uploads\/2025\/06\/Profile-PNG-Photo-768x768.png 768w, https:\/\/macieo.insa-rennes.fr\/wp-content\/uploads\/2025\/06\/Profile-PNG-Photo-1536x1536.png 1536w, https:\/\/macieo.insa-rennes.fr\/wp-content\/uploads\/2025\/06\/Profile-PNG-Photo-12x12.png 12w, https:\/\/macieo.insa-rennes.fr\/wp-content\/uploads\/2025\/06\/Profile-PNG-Photo-200x200.png 200w\" sizes=\"auto, (max-width: 2048px) 100vw, 2048px\" \/><\/a><\/figure>\n<\/div>\n\n\n\n<div class=\"wp-block-column is-layout-flow wp-block-column-is-layout-flow\" style=\"flex-basis:60%\">\n<p class=\"has-text-align-left\"><a href=\"https:\/\/www.institut-foton.eu\/tavernier-karine\/\" data-type=\"link\" data-id=\"https:\/\/www.institut-foton.eu\/tavernier-karine\/\" target=\"_blank\" rel=\"noreferrer noopener\">Karine Tavernier<\/a>, assistante ing\u00e9nieure dans le traitement des dispositifs en salle blanche.<\/p>\n<\/div>\n<\/div>\n\n\n\n<div style=\"height:10px\" aria-hidden=\"true\" class=\"wp-block-spacer\"><\/div>\n\n\n\n<div class=\"wp-block-columns is-layout-flex wp-container-core-columns-is-layout-28f84493 wp-block-columns-is-layout-flex\">\n<div class=\"wp-block-column is-layout-flow wp-block-column-is-layout-flow\" style=\"flex-basis:5%\">\n<div style=\"height:5%\" aria-hidden=\"true\" class=\"wp-block-spacer\"><\/div>\n<\/div>\n\n\n\n<div class=\"wp-block-column is-layout-flow wp-block-column-is-layout-flow\" style=\"flex-basis:15%\">\n<figure class=\"wp-block-image size-full is-resized hvr-grow\"><a href=\"https:\/\/www.institut-foton.eu\/levallois-christophe\/\" target=\"_blank\" rel=\" noreferrer noopener\"><img loading=\"lazy\" decoding=\"async\" width=\"2048\" height=\"2048\" src=\"https:\/\/macieo.insa-rennes.fr\/wp-content\/uploads\/2025\/06\/Profile-PNG-Photo.png\" alt=\"\" class=\"wp-image-499\" style=\"width:132px;height:auto\" srcset=\"https:\/\/macieo.insa-rennes.fr\/wp-content\/uploads\/2025\/06\/Profile-PNG-Photo.png 2048w, https:\/\/macieo.insa-rennes.fr\/wp-content\/uploads\/2025\/06\/Profile-PNG-Photo-300x300.png 300w, https:\/\/macieo.insa-rennes.fr\/wp-content\/uploads\/2025\/06\/Profile-PNG-Photo-1024x1024.png 1024w, https:\/\/macieo.insa-rennes.fr\/wp-content\/uploads\/2025\/06\/Profile-PNG-Photo-150x150.png 150w, https:\/\/macieo.insa-rennes.fr\/wp-content\/uploads\/2025\/06\/Profile-PNG-Photo-768x768.png 768w, https:\/\/macieo.insa-rennes.fr\/wp-content\/uploads\/2025\/06\/Profile-PNG-Photo-1536x1536.png 1536w, https:\/\/macieo.insa-rennes.fr\/wp-content\/uploads\/2025\/06\/Profile-PNG-Photo-12x12.png 12w, https:\/\/macieo.insa-rennes.fr\/wp-content\/uploads\/2025\/06\/Profile-PNG-Photo-200x200.png 200w\" sizes=\"auto, (max-width: 2048px) 100vw, 2048px\" \/><\/a><\/figure>\n<\/div>\n\n\n\n<div class=\"wp-block-column is-layout-flow wp-block-column-is-layout-flow\" style=\"flex-basis:60%\">\n<p class=\"has-text-align-left\"><a href=\"https:\/\/www.institut-foton.eu\/levallois-christophe\/\" data-type=\"link\" data-id=\"https:\/\/www.institut-foton.eu\/levallois-christophe\/\" target=\"_blank\" rel=\"noreferrer noopener\">Christophe Levallois<\/a>, enseignant chercheur qui participe au traitement et \u00e0 la caract\u00e9risation par ellipsom\u00e9trie des dispositifs \u00e0 base de chalcog\u00e9nure pour les parties WP1 et WP2 du projet.<\/p>\n<\/div>\n<\/div>\n\n\n\n<div style=\"height:10px\" aria-hidden=\"true\" class=\"wp-block-spacer\"><\/div>\n\n\n\n<div class=\"wp-block-columns is-layout-flex wp-container-core-columns-is-layout-28f84493 wp-block-columns-is-layout-flex\">\n<div class=\"wp-block-column is-layout-flow wp-block-column-is-layout-flow\" style=\"flex-basis:5%\">\n<div style=\"height:5%\" aria-hidden=\"true\" class=\"wp-block-spacer\"><\/div>\n<\/div>\n\n\n\n<div class=\"wp-block-column is-layout-flow wp-block-column-is-layout-flow\" style=\"flex-basis:15%\">\n<figure class=\"wp-block-image size-full is-resized hvr-grow\"><a href=\"https:\/\/www.institut-foton.eu\/perrin-mathieu\/\" target=\"_blank\" rel=\" noreferrer noopener\"><img loading=\"lazy\" decoding=\"async\" width=\"2048\" height=\"2048\" src=\"https:\/\/macieo.insa-rennes.fr\/wp-content\/uploads\/2025\/06\/Profile-PNG-Photo.png\" alt=\"\" class=\"wp-image-499\" style=\"width:132px;height:auto\" srcset=\"https:\/\/macieo.insa-rennes.fr\/wp-content\/uploads\/2025\/06\/Profile-PNG-Photo.png 2048w, https:\/\/macieo.insa-rennes.fr\/wp-content\/uploads\/2025\/06\/Profile-PNG-Photo-300x300.png 300w, https:\/\/macieo.insa-rennes.fr\/wp-content\/uploads\/2025\/06\/Profile-PNG-Photo-1024x1024.png 1024w, https:\/\/macieo.insa-rennes.fr\/wp-content\/uploads\/2025\/06\/Profile-PNG-Photo-150x150.png 150w, https:\/\/macieo.insa-rennes.fr\/wp-content\/uploads\/2025\/06\/Profile-PNG-Photo-768x768.png 768w, https:\/\/macieo.insa-rennes.fr\/wp-content\/uploads\/2025\/06\/Profile-PNG-Photo-1536x1536.png 1536w, https:\/\/macieo.insa-rennes.fr\/wp-content\/uploads\/2025\/06\/Profile-PNG-Photo-12x12.png 12w, https:\/\/macieo.insa-rennes.fr\/wp-content\/uploads\/2025\/06\/Profile-PNG-Photo-200x200.png 200w\" sizes=\"auto, (max-width: 2048px) 100vw, 2048px\" \/><\/a><\/figure>\n<\/div>\n\n\n\n<div class=\"wp-block-column is-layout-flow wp-block-column-is-layout-flow\" style=\"flex-basis:60%\">\n<p class=\"has-text-align-left\"><a href=\"https:\/\/www.institut-foton.eu\/perrin-mathieu\/\" data-type=\"link\" data-id=\"https:\/\/www.institut-foton.eu\/perrin-mathieu\/\" target=\"_blank\" rel=\"noreferrer noopener\">Mathieu Perrin<\/a>, enseignant chercheur qui participe aux exp\u00e9riences d&rsquo;illumination de dispositifs \u00e0 base de chalcog\u00e9nores.<\/p>\n<\/div>\n<\/div>\n\n\n\n<div style=\"height:10px\" aria-hidden=\"true\" class=\"wp-block-spacer\"><\/div>\n\n\n\n<div class=\"wp-block-columns is-layout-flex wp-container-core-columns-is-layout-28f84493 wp-block-columns-is-layout-flex\">\n<div class=\"wp-block-column is-layout-flow wp-block-column-is-layout-flow\" style=\"flex-basis:5%\">\n<div style=\"height:5%\" aria-hidden=\"true\" class=\"wp-block-spacer\"><\/div>\n<\/div>\n\n\n\n<div class=\"wp-block-column is-layout-flow wp-block-column-is-layout-flow\" style=\"flex-basis:15%\">\n<figure class=\"wp-block-image size-full is-resized hvr-grow\"><img loading=\"lazy\" decoding=\"async\" width=\"2048\" height=\"2048\" src=\"https:\/\/macieo.insa-rennes.fr\/wp-content\/uploads\/2025\/06\/Profile-PNG-Photo.png\" alt=\"\" class=\"wp-image-499\" style=\"width:132px;height:auto\" srcset=\"https:\/\/macieo.insa-rennes.fr\/wp-content\/uploads\/2025\/06\/Profile-PNG-Photo.png 2048w, https:\/\/macieo.insa-rennes.fr\/wp-content\/uploads\/2025\/06\/Profile-PNG-Photo-300x300.png 300w, https:\/\/macieo.insa-rennes.fr\/wp-content\/uploads\/2025\/06\/Profile-PNG-Photo-1024x1024.png 1024w, https:\/\/macieo.insa-rennes.fr\/wp-content\/uploads\/2025\/06\/Profile-PNG-Photo-150x150.png 150w, https:\/\/macieo.insa-rennes.fr\/wp-content\/uploads\/2025\/06\/Profile-PNG-Photo-768x768.png 768w, https:\/\/macieo.insa-rennes.fr\/wp-content\/uploads\/2025\/06\/Profile-PNG-Photo-1536x1536.png 1536w, https:\/\/macieo.insa-rennes.fr\/wp-content\/uploads\/2025\/06\/Profile-PNG-Photo-12x12.png 12w, https:\/\/macieo.insa-rennes.fr\/wp-content\/uploads\/2025\/06\/Profile-PNG-Photo-200x200.png 200w\" sizes=\"auto, (max-width: 2048px) 100vw, 2048px\" \/><\/figure>\n<\/div>\n\n\n\n<div class=\"wp-block-column is-layout-flow wp-block-column-is-layout-flow\" style=\"flex-basis:60%\">\n<p class=\"has-text-align-left\">Thiviya Parthipan, doctorante qui participe \u00e0 la caract\u00e9risation des mat\u00e9riaux, \u00e0 l&rsquo;\u00e9clairage optique, aux processus de fabrication, aux d\u00e9monstrateurs de base et \u00e0 la structure de l&rsquo;alimentation.<\/p>\n<\/div>\n<\/div>\n<\/div>\n\n\n\n<div class=\"wp-block-column is-layout-flow wp-block-column-is-layout-flow\" style=\"flex-basis:10%\"><\/div>\n<\/div>\n<\/div>\n","protected":false},"excerpt":{"rendered":"<p>L&rsquo;Institut de Fonctions Optiques pour les Technologies de l&rsquo;informatiON (UMR CNRS 6082) poss\u00e8de une longue expertise dans le domaine des dispositifs photoniques \u00e0 base de semi-conducteurs, depuis la croissance et l&rsquo;ing\u00e9nierie des mat\u00e9riaux, leur transformation jusqu&rsquo;au composant. Il est organis\u00e9 en quatre groupes, dont le groupe OHM qui est impliqu\u00e9 dans le projet MACIEO. Son [&hellip;]<\/p>\n","protected":false},"author":1,"featured_media":0,"parent":2,"menu_order":0,"comment_status":"closed","ping_status":"closed","template":"","meta":{"footnotes":""},"class_list":["post-469","page","type-page","status-publish","hentry"],"_links":{"self":[{"href":"https:\/\/macieo.insa-rennes.fr\/fr\/wp-json\/wp\/v2\/pages\/469","targetHints":{"allow":["GET"]}}],"collection":[{"href":"https:\/\/macieo.insa-rennes.fr\/fr\/wp-json\/wp\/v2\/pages"}],"about":[{"href":"https:\/\/macieo.insa-rennes.fr\/fr\/wp-json\/wp\/v2\/types\/page"}],"author":[{"embeddable":true,"href":"https:\/\/macieo.insa-rennes.fr\/fr\/wp-json\/wp\/v2\/users\/1"}],"replies":[{"embeddable":true,"href":"https:\/\/macieo.insa-rennes.fr\/fr\/wp-json\/wp\/v2\/comments?post=469"}],"version-history":[{"count":12,"href":"https:\/\/macieo.insa-rennes.fr\/fr\/wp-json\/wp\/v2\/pages\/469\/revisions"}],"predecessor-version":[{"id":663,"href":"https:\/\/macieo.insa-rennes.fr\/fr\/wp-json\/wp\/v2\/pages\/469\/revisions\/663"}],"up":[{"embeddable":true,"href":"https:\/\/macieo.insa-rennes.fr\/fr\/wp-json\/wp\/v2\/pages\/2"}],"wp:attachment":[{"href":"https:\/\/macieo.insa-rennes.fr\/fr\/wp-json\/wp\/v2\/media?parent=469"}],"curies":[{"name":"wp","href":"https:\/\/api.w.org\/{rel}","templated":true}]}}