{"id":467,"date":"2025-06-24T16:59:31","date_gmt":"2025-06-24T14:59:31","guid":{"rendered":"https:\/\/macieo.insa-rennes.fr\/?page_id=467"},"modified":"2025-06-30T15:39:19","modified_gmt":"2025-06-30T13:39:19","slug":"ietr","status":"publish","type":"page","link":"https:\/\/macieo.insa-rennes.fr\/fr\/l-equipe\/ietr\/","title":{"rendered":"IETR"},"content":{"rendered":"\n<div class=\"wp-block-group alignwide is-vertical is-content-justification-stretch is-layout-flex wp-container-core-group-is-layout-401b7a8a wp-block-group-is-layout-flex\">\n<div class=\"wp-block-columns is-layout-flex wp-container-core-columns-is-layout-28f84493 wp-block-columns-is-layout-flex\">\n<div class=\"wp-block-column is-layout-flow wp-block-column-is-layout-flow\" style=\"flex-basis:10%\"><\/div>\n\n\n\n<div class=\"wp-block-column is-layout-flow wp-block-column-is-layout-flow\" style=\"flex-basis:80%\">\n<figure class=\"wp-block-image alignleft size-full is-resized hvr-grow\"><a href=\"https:\/\/www.ietr.fr\/\" target=\"_blank\" rel=\" noreferrer noopener\"><img loading=\"lazy\" decoding=\"async\" width=\"2000\" height=\"800\" src=\"https:\/\/macieo.insa-rennes.fr\/wp-content\/uploads\/2025\/06\/IETR-whitout-bg.webp\" alt=\"\" class=\"wp-image-559\" style=\"width:268px;height:auto\" srcset=\"https:\/\/macieo.insa-rennes.fr\/wp-content\/uploads\/2025\/06\/IETR-whitout-bg.webp 2000w, https:\/\/macieo.insa-rennes.fr\/wp-content\/uploads\/2025\/06\/IETR-whitout-bg-300x120.webp 300w, https:\/\/macieo.insa-rennes.fr\/wp-content\/uploads\/2025\/06\/IETR-whitout-bg-1024x410.webp 1024w, https:\/\/macieo.insa-rennes.fr\/wp-content\/uploads\/2025\/06\/IETR-whitout-bg-768x307.webp 768w, https:\/\/macieo.insa-rennes.fr\/wp-content\/uploads\/2025\/06\/IETR-whitout-bg-1536x614.webp 1536w, https:\/\/macieo.insa-rennes.fr\/wp-content\/uploads\/2025\/06\/IETR-whitout-bg-18x7.webp 18w, https:\/\/macieo.insa-rennes.fr\/wp-content\/uploads\/2025\/06\/IETR-whitout-bg-200x80.webp 200w\" sizes=\"auto, (max-width: 2000px) 100vw, 2000px\" \/><\/a><\/figure>\n\n\n\n<div style=\"height:10px\" aria-hidden=\"true\" class=\"wp-block-spacer\"><\/div>\n\n\n\n<p><a href=\"https:\/\/www.ietr.fr\/\">L&rsquo;Institut d&rsquo;\u00c9lectronique et des Technologies du num\u00e9Riques (IETR &#8211; UMR CNRS 6164)<\/a> a une tr\u00e8s forte expertise dans la conception d&rsquo;antennes, de circuits et de syst\u00e8mes micro-ondes, dans les communications num\u00e9riques, les radars et la t\u00e9l\u00e9d\u00e9tection, le traitement des signaux et des images, etc. Il b\u00e9n\u00e9ficie de moyens de mesures au plus haut niveau europ\u00e9en pour la caract\u00e9risations d&rsquo;antennes, de circuits ou de radars. Les activit\u00e9s de l&rsquo;\u00e9quipe SURFWAVE, impliqu\u00e9e dans le projet MACIEO, se concentrent principalement sur les structures p\u00e9riodiques et quasi-p\u00e9riodiques (r\u00e9seaux r\u00e9flecteurs ou transmetteurs, FSS, WAIM, etc.) et dans une moindre mesure sur les filtres micro-ondes. Au sein du projet MACIEO, l&rsquo;IETR aura le r\u00f4le de coordinateur de l&rsquo;ensemble des activit\u00e9s et travaillera principalement sur la caract\u00e9risation hyperfr\u00e9quence des mat\u00e9riaux d\u00e9velopp\u00e9s et sur la conception et la caract\u00e9risation des filtres et antennes \u00e0 reconfigurations multiples qui serviront de d\u00e9monstrateurs finaux \u00e0 l&rsquo;ensemble des travaux de ce projet.<\/p>\n\n\n\n<div style=\"height:10px\" aria-hidden=\"true\" class=\"wp-block-spacer\"><\/div>\n\n\n\n<h2 class=\"wp-block-heading\">Participants :<\/h2>\n\n\n\n<div style=\"height:10px\" aria-hidden=\"true\" class=\"wp-block-spacer\"><\/div>\n\n\n\n<div class=\"wp-block-columns is-layout-flex wp-container-core-columns-is-layout-28f84493 wp-block-columns-is-layout-flex\">\n<div class=\"wp-block-column is-layout-flow wp-block-column-is-layout-flow\" style=\"flex-basis:5%\">\n<div style=\"height:5%\" aria-hidden=\"true\" class=\"wp-block-spacer\"><\/div>\n<\/div>\n\n\n\n<div class=\"wp-block-column is-layout-flow wp-block-column-is-layout-flow\" style=\"flex-basis:15%\">\n<figure class=\"wp-block-image size-full is-resized hvr-grow\"><a href=\"https:\/\/www.ietr.fr\/erwan-fourn\" target=\"_blank\" rel=\" noreferrer noopener\"><img loading=\"lazy\" decoding=\"async\" width=\"369\" height=\"369\" src=\"https:\/\/macieo.insa-rennes.fr\/wp-content\/uploads\/2025\/06\/Erwan-Fourn.jpg\" alt=\"\" class=\"wp-image-481\" style=\"width:132px;height:auto\" srcset=\"https:\/\/macieo.insa-rennes.fr\/wp-content\/uploads\/2025\/06\/Erwan-Fourn.jpg 369w, https:\/\/macieo.insa-rennes.fr\/wp-content\/uploads\/2025\/06\/Erwan-Fourn-300x300.jpg 300w, https:\/\/macieo.insa-rennes.fr\/wp-content\/uploads\/2025\/06\/Erwan-Fourn-150x150.jpg 150w, https:\/\/macieo.insa-rennes.fr\/wp-content\/uploads\/2025\/06\/Erwan-Fourn-12x12.jpg 12w, https:\/\/macieo.insa-rennes.fr\/wp-content\/uploads\/2025\/06\/Erwan-Fourn-200x200.jpg 200w\" sizes=\"auto, (max-width: 369px) 100vw, 369px\" \/><\/a><\/figure>\n<\/div>\n\n\n\n<div class=\"wp-block-column is-layout-flow wp-block-column-is-layout-flow\" style=\"flex-basis:60%\">\n<p class=\"has-text-align-left\"><a href=\"https:\/\/www.ietr.fr\/erwan-fourn\" data-type=\"link\" data-id=\"https:\/\/www.ietr.fr\/erwan-fourn\" target=\"_blank\" rel=\"noreferrer noopener\">Erwan Fourn<\/a>, enseignant chercheur sp\u00e9cialis\u00e9 dans l&rsquo;\u00e9tude, la conception et la caract\u00e9risation de filtres et d&rsquo;antennes multi-bandes est le coordinateur de ce projet. Il s&rsquo;occupe de la supervision de la conception et de la caract\u00e9risation des d\u00e9monstrateurs micro-ondes.<\/p>\n<\/div>\n<\/div>\n\n\n\n<div style=\"height:10px\" aria-hidden=\"true\" class=\"wp-block-spacer\"><\/div>\n\n\n\n<div class=\"wp-block-columns is-layout-flex wp-container-core-columns-is-layout-28f84493 wp-block-columns-is-layout-flex\">\n<div class=\"wp-block-column is-layout-flow wp-block-column-is-layout-flow\" style=\"flex-basis:5%\">\n<div style=\"height:5%\" aria-hidden=\"true\" class=\"wp-block-spacer\"><\/div>\n<\/div>\n\n\n\n<div class=\"wp-block-column is-layout-flow wp-block-column-is-layout-flow\" style=\"flex-basis:15%\">\n<figure class=\"wp-block-image size-full is-resized hvr-grow\"><a href=\"https:\/\/www.ietr.fr\/raphael-gillard\" target=\"_blank\" rel=\" noreferrer noopener\"><img loading=\"lazy\" decoding=\"async\" width=\"2048\" height=\"2048\" src=\"https:\/\/macieo.insa-rennes.fr\/wp-content\/uploads\/2025\/06\/Profile-PNG-Photo.png\" alt=\"\" class=\"wp-image-499\" style=\"width:132px;height:auto\" srcset=\"https:\/\/macieo.insa-rennes.fr\/wp-content\/uploads\/2025\/06\/Profile-PNG-Photo.png 2048w, https:\/\/macieo.insa-rennes.fr\/wp-content\/uploads\/2025\/06\/Profile-PNG-Photo-300x300.png 300w, https:\/\/macieo.insa-rennes.fr\/wp-content\/uploads\/2025\/06\/Profile-PNG-Photo-1024x1024.png 1024w, https:\/\/macieo.insa-rennes.fr\/wp-content\/uploads\/2025\/06\/Profile-PNG-Photo-150x150.png 150w, https:\/\/macieo.insa-rennes.fr\/wp-content\/uploads\/2025\/06\/Profile-PNG-Photo-768x768.png 768w, https:\/\/macieo.insa-rennes.fr\/wp-content\/uploads\/2025\/06\/Profile-PNG-Photo-1536x1536.png 1536w, https:\/\/macieo.insa-rennes.fr\/wp-content\/uploads\/2025\/06\/Profile-PNG-Photo-12x12.png 12w, https:\/\/macieo.insa-rennes.fr\/wp-content\/uploads\/2025\/06\/Profile-PNG-Photo-200x200.png 200w\" sizes=\"auto, (max-width: 2048px) 100vw, 2048px\" \/><\/a><\/figure>\n<\/div>\n\n\n\n<div class=\"wp-block-column is-layout-flow wp-block-column-is-layout-flow\" style=\"flex-basis:60%\">\n<p class=\"has-text-align-left\"><a href=\"https:\/\/www.ietr.fr\/raphael-gillard\" target=\"_blank\" rel=\"noreferrer noopener\">Rapha\u00ebl Gillard<\/a>, enseignant qui va s&rsquo;occuper de la conception et de la caract\u00e9risation des surfaces intelligentes reconfigurables. <\/p>\n<\/div>\n<\/div>\n\n\n\n<div style=\"height:10px\" aria-hidden=\"true\" class=\"wp-block-spacer\"><\/div>\n\n\n\n<div class=\"wp-block-columns is-layout-flex wp-container-core-columns-is-layout-28f84493 wp-block-columns-is-layout-flex\">\n<div class=\"wp-block-column is-layout-flow wp-block-column-is-layout-flow\" style=\"flex-basis:5%\">\n<div style=\"height:5%\" aria-hidden=\"true\" class=\"wp-block-spacer\"><\/div>\n<\/div>\n\n\n\n<div class=\"wp-block-column is-layout-flow wp-block-column-is-layout-flow\" style=\"flex-basis:15%\">\n<figure class=\"wp-block-image size-full is-resized hvr-grow\"><a href=\"https:\/\/www.ietr.fr\/jerome-sol\" target=\"_blank\" rel=\" noreferrer noopener\"><img loading=\"lazy\" decoding=\"async\" width=\"2048\" height=\"2048\" src=\"https:\/\/macieo.insa-rennes.fr\/wp-content\/uploads\/2025\/06\/Profile-PNG-Photo.png\" alt=\"\" class=\"wp-image-499\" style=\"width:132px;height:auto\" srcset=\"https:\/\/macieo.insa-rennes.fr\/wp-content\/uploads\/2025\/06\/Profile-PNG-Photo.png 2048w, https:\/\/macieo.insa-rennes.fr\/wp-content\/uploads\/2025\/06\/Profile-PNG-Photo-300x300.png 300w, https:\/\/macieo.insa-rennes.fr\/wp-content\/uploads\/2025\/06\/Profile-PNG-Photo-1024x1024.png 1024w, https:\/\/macieo.insa-rennes.fr\/wp-content\/uploads\/2025\/06\/Profile-PNG-Photo-150x150.png 150w, https:\/\/macieo.insa-rennes.fr\/wp-content\/uploads\/2025\/06\/Profile-PNG-Photo-768x768.png 768w, https:\/\/macieo.insa-rennes.fr\/wp-content\/uploads\/2025\/06\/Profile-PNG-Photo-1536x1536.png 1536w, https:\/\/macieo.insa-rennes.fr\/wp-content\/uploads\/2025\/06\/Profile-PNG-Photo-12x12.png 12w, https:\/\/macieo.insa-rennes.fr\/wp-content\/uploads\/2025\/06\/Profile-PNG-Photo-200x200.png 200w\" sizes=\"auto, (max-width: 2048px) 100vw, 2048px\" \/><\/a><\/figure>\n<\/div>\n\n\n\n<div class=\"wp-block-column is-layout-flow wp-block-column-is-layout-flow\" style=\"flex-basis:60%\">\n<p class=\"has-text-align-left\"><a href=\"https:\/\/www.ietr.fr\/jerome-sol\" data-type=\"link\" data-id=\"https:\/\/www.ietr.fr\/jerome-sol\" target=\"_blank\" rel=\"noreferrer noopener\">J\u00e9r\u00f4me Sol<\/a>, ing\u00e9nieur responsable de la plateforme QOSC (Quantification Orient\u00e9e Syst\u00e8mes Complexes), il va caract\u00e9riser les micro-ondes pour les parties WP2 \u00e0 WP4 du projet.<\/p>\n<\/div>\n<\/div>\n\n\n\n<div style=\"height:10px\" aria-hidden=\"true\" class=\"wp-block-spacer\"><\/div>\n\n\n\n<div class=\"wp-block-columns is-layout-flex wp-container-core-columns-is-layout-28f84493 wp-block-columns-is-layout-flex\">\n<div class=\"wp-block-column is-layout-flow wp-block-column-is-layout-flow\" style=\"flex-basis:5%\">\n<div style=\"height:5%\" aria-hidden=\"true\" class=\"wp-block-spacer\"><\/div>\n<\/div>\n\n\n\n<div class=\"wp-block-column is-layout-flow wp-block-column-is-layout-flow\" style=\"flex-basis:15%\">\n<figure class=\"wp-block-image size-full is-resized hvr-grow\"><a href=\"https:\/\/www.ietr.fr\/gilles-picoult\" target=\"_blank\" rel=\" noreferrer noopener\"><img loading=\"lazy\" decoding=\"async\" width=\"2048\" height=\"2048\" src=\"https:\/\/macieo.insa-rennes.fr\/wp-content\/uploads\/2025\/06\/Profile-PNG-Photo.png\" alt=\"\" class=\"wp-image-499\" style=\"width:132px;height:auto\" srcset=\"https:\/\/macieo.insa-rennes.fr\/wp-content\/uploads\/2025\/06\/Profile-PNG-Photo.png 2048w, https:\/\/macieo.insa-rennes.fr\/wp-content\/uploads\/2025\/06\/Profile-PNG-Photo-300x300.png 300w, https:\/\/macieo.insa-rennes.fr\/wp-content\/uploads\/2025\/06\/Profile-PNG-Photo-1024x1024.png 1024w, https:\/\/macieo.insa-rennes.fr\/wp-content\/uploads\/2025\/06\/Profile-PNG-Photo-150x150.png 150w, https:\/\/macieo.insa-rennes.fr\/wp-content\/uploads\/2025\/06\/Profile-PNG-Photo-768x768.png 768w, https:\/\/macieo.insa-rennes.fr\/wp-content\/uploads\/2025\/06\/Profile-PNG-Photo-1536x1536.png 1536w, https:\/\/macieo.insa-rennes.fr\/wp-content\/uploads\/2025\/06\/Profile-PNG-Photo-12x12.png 12w, https:\/\/macieo.insa-rennes.fr\/wp-content\/uploads\/2025\/06\/Profile-PNG-Photo-200x200.png 200w\" sizes=\"auto, (max-width: 2048px) 100vw, 2048px\" \/><\/a><\/figure>\n<\/div>\n\n\n\n<div class=\"wp-block-column is-layout-flow wp-block-column-is-layout-flow\" style=\"flex-basis:60%\">\n<p class=\"has-text-align-left\"><a href=\"https:\/\/www.ietr.fr\/gilles-picoult\" data-type=\"link\" data-id=\"https:\/\/www.ietr.fr\/gilles-picoult\" target=\"_blank\" rel=\"noreferrer noopener\">Gilles Picoult<\/a>, assistant ing\u00e9nieur va fabriquer le circuits imprim\u00e9s pour le projets et faire la caract\u00e9risation des micro-ondes pour les parties WP2 et WP4 du projets.<\/p>\n<\/div>\n<\/div>\n<\/div>\n\n\n\n<div class=\"wp-block-column is-layout-flow wp-block-column-is-layout-flow\" style=\"flex-basis:10%\"><\/div>\n<\/div>\n<\/div>\n","protected":false},"excerpt":{"rendered":"<p>L&rsquo;Institut d&rsquo;\u00c9lectronique et des Technologies du num\u00e9Riques (IETR &#8211; UMR CNRS 6164) a une tr\u00e8s forte expertise dans la conception d&rsquo;antennes, de circuits et de syst\u00e8mes micro-ondes, dans les communications num\u00e9riques, les radars et la t\u00e9l\u00e9d\u00e9tection, le traitement des signaux et des images, etc. Il b\u00e9n\u00e9ficie de moyens de mesures au plus haut niveau europ\u00e9en [&hellip;]<\/p>\n","protected":false},"author":1,"featured_media":0,"parent":2,"menu_order":0,"comment_status":"closed","ping_status":"closed","template":"","meta":{"footnotes":""},"class_list":["post-467","page","type-page","status-publish","hentry"],"_links":{"self":[{"href":"https:\/\/macieo.insa-rennes.fr\/fr\/wp-json\/wp\/v2\/pages\/467","targetHints":{"allow":["GET"]}}],"collection":[{"href":"https:\/\/macieo.insa-rennes.fr\/fr\/wp-json\/wp\/v2\/pages"}],"about":[{"href":"https:\/\/macieo.insa-rennes.fr\/fr\/wp-json\/wp\/v2\/types\/page"}],"author":[{"embeddable":true,"href":"https:\/\/macieo.insa-rennes.fr\/fr\/wp-json\/wp\/v2\/users\/1"}],"replies":[{"embeddable":true,"href":"https:\/\/macieo.insa-rennes.fr\/fr\/wp-json\/wp\/v2\/comments?post=467"}],"version-history":[{"count":19,"href":"https:\/\/macieo.insa-rennes.fr\/fr\/wp-json\/wp\/v2\/pages\/467\/revisions"}],"predecessor-version":[{"id":604,"href":"https:\/\/macieo.insa-rennes.fr\/fr\/wp-json\/wp\/v2\/pages\/467\/revisions\/604"}],"up":[{"embeddable":true,"href":"https:\/\/macieo.insa-rennes.fr\/fr\/wp-json\/wp\/v2\/pages\/2"}],"wp:attachment":[{"href":"https:\/\/macieo.insa-rennes.fr\/fr\/wp-json\/wp\/v2\/media?parent=467"}],"curies":[{"name":"wp","href":"https:\/\/api.w.org\/{rel}","templated":true}]}}